{"id":392,"date":"2011-04-07T08:20:20","date_gmt":"2011-04-07T06:20:20","guid":{"rendered":"http:\/\/www.comunaamarastiidejos.ro\/?page_id=392"},"modified":"2026-03-31T14:41:55","modified_gmt":"2026-03-31T12:41:55","slug":"pagina-principala","status":"publish","type":"page","link":"https:\/\/comunaamarastiidejos.ro\/","title":{"rendered":"Pagina principala"},"content":{"rendered":"<table border=\"0\" width=\"100%\" cellspacing=\"0\" cellpadding=\"0\">\n<tbody>\n<tr>\n<td width=\"39%\"><strong>Adresa: <\/strong><\/td>\n<td width=\"61%\">Comuna Am\u0103r\u0103\u015ftii de Jos, str. Principal\u0103 nr.\u00a0 1000<\/td>\n<\/tr>\n<tr>\n<td><strong>Localitatea: <\/strong><\/td>\n<td>Am\u0103r\u0103\u015ftii de Jos<\/td>\n<\/tr>\n<tr>\n<td><strong>Judet: <\/strong><\/td>\n<td>Dolj<\/td>\n<\/tr>\n<tr>\n<td><strong>Tara<\/strong><strong>:<\/strong><\/td>\n<td>Romania<\/td>\n<\/tr>\n<tr>\n<td><strong>Cod postal: <\/strong><\/td>\n<td>207020<\/td>\n<\/tr>\n<tr>\n<td><strong>Telefon:<\/strong><\/td>\n<td>0251-374020<\/td>\n<\/tr>\n<tr>\n<td><strong>Fax: <\/strong><\/td>\n<td>0251-374020<\/td>\n<\/tr>\n<tr>\n<td><strong>URL: <\/strong><\/td>\n<td><a href=\"https:\/\/comunaamarastiidejos.ro\">www.comunaamarastiidejos.ro<\/a><\/td>\n<\/tr>\n<tr>\n<td><strong>Adresa de e-mail: <\/strong><\/td>\n<td>amarastii_de_jos@cjdolj.ro\n<p>primaria_amarastii@yahoo.com<\/p>\n<\/td>\n<\/tr>\n<\/tbody>\n<\/table>\n<p><a href=\"https:\/\/comunaamarastiidejos.ro\/wp-content\/uploads\/2026\/03\/Cerere-VMI-2026.docx\">Cerere-VMI 2026<\/a><\/p>\n<p><a href=\"https:\/\/comunaamarastiidejos.ro\/wp-content\/uploads\/2026\/02\/COMUNICAT.pdf\">12.02.2026 COMUNICAT<\/a><\/p>\n<p>&nbsp;<\/p>\n<p>&nbsp;<\/p>\n<hr \/>\n<p><a href=\"https:\/\/comunaamarastiidejos.ro\/wp-content\/uploads\/2025\/08\/afis-aug35-nemodificat.jpg\"><img loading=\"lazy\" decoding=\"async\" class=\"alignleft size-medium wp-image-1977\" src=\"https:\/\/comunaamarastiidejos.ro\/wp-content\/uploads\/2025\/08\/afis-aug35-nemodificat-212x300.jpg\" alt=\"\" width=\"212\" height=\"300\" srcset=\"https:\/\/comunaamarastiidejos.ro\/wp-content\/uploads\/2025\/08\/afis-aug35-nemodificat-212x300.jpg 212w, https:\/\/comunaamarastiidejos.ro\/wp-content\/uploads\/2025\/08\/afis-aug35-nemodificat-724x1024.jpg 724w, https:\/\/comunaamarastiidejos.ro\/wp-content\/uploads\/2025\/08\/afis-aug35-nemodificat-768x1086.jpg 768w, https:\/\/comunaamarastiidejos.ro\/wp-content\/uploads\/2025\/08\/afis-aug35-nemodificat-1086x1536.jpg 1086w, https:\/\/comunaamarastiidejos.ro\/wp-content\/uploads\/2025\/08\/afis-aug35-nemodificat.jpg 1414w\" sizes=\"auto, (max-width: 212px) 100vw, 212px\" \/><\/a> <a href=\"https:\/\/comunaamarastiidejos.ro\/wp-content\/uploads\/2025\/08\/flyer-14.08.png\"><img loading=\"lazy\" decoding=\"async\" class=\"alignleft size-medium wp-image-1978\" src=\"https:\/\/comunaamarastiidejos.ro\/wp-content\/uploads\/2025\/08\/flyer-14.08-212x300.png\" alt=\"\" width=\"212\" height=\"300\" srcset=\"https:\/\/comunaamarastiidejos.ro\/wp-content\/uploads\/2025\/08\/flyer-14.08-212x300.png 212w, https:\/\/comunaamarastiidejos.ro\/wp-content\/uploads\/2025\/08\/flyer-14.08-724x1024.png 724w, https:\/\/comunaamarastiidejos.ro\/wp-content\/uploads\/2025\/08\/flyer-14.08-768x1086.png 768w, https:\/\/comunaamarastiidejos.ro\/wp-content\/uploads\/2025\/08\/flyer-14.08-1086x1536.png 1086w, https:\/\/comunaamarastiidejos.ro\/wp-content\/uploads\/2025\/08\/flyer-14.08.png 1414w\" sizes=\"auto, (max-width: 212px) 100vw, 212px\" \/><\/a><\/p>\n<hr \/>\n<p><a href=\"https:\/\/comunaamarastiidejos.ro\/wp-content\/uploads\/2024\/04\/Comunicat-de-presa-PNRR-Fonduri-pentru-Romania-moderna-si-reformata.pdf\">Comunicat de presa ,,PNRR Fonduri pentru Rom\u00e2nia modern\u0103 \u0219i reformat\u0103!\u201d<\/a><\/p>\n<p><a href=\".\/wp-content\/uploads\/2023\/02\/informare-SGR.pdf\">INFORMARE PRIVIND SISTEMUL DE GARANTIE-RETURNARE PENTRU AMBALAJELE PRIMARE NEREUTILIZABILE<\/a><\/p>\n\n\n<figure class=\"wp-block-image size-large\"><img loading=\"lazy\" decoding=\"async\" width=\"1024\" height=\"576\" src=\"https:\/\/comunaamarastiidejos.ro\/wp-content\/uploads\/2023\/02\/RetuRO_inregistrare_baza_date_SGR-1-1024x576.png\" alt=\"\" class=\"wp-image-1706\" srcset=\"https:\/\/comunaamarastiidejos.ro\/wp-content\/uploads\/2023\/02\/RetuRO_inregistrare_baza_date_SGR-1-1024x576.png 1024w, https:\/\/comunaamarastiidejos.ro\/wp-content\/uploads\/2023\/02\/RetuRO_inregistrare_baza_date_SGR-1-300x169.png 300w, https:\/\/comunaamarastiidejos.ro\/wp-content\/uploads\/2023\/02\/RetuRO_inregistrare_baza_date_SGR-1-768x432.png 768w, https:\/\/comunaamarastiidejos.ro\/wp-content\/uploads\/2023\/02\/RetuRO_inregistrare_baza_date_SGR-1-1536x864.png 1536w, https:\/\/comunaamarastiidejos.ro\/wp-content\/uploads\/2023\/02\/RetuRO_inregistrare_baza_date_SGR-1-2048x1152.png 2048w\" sizes=\"auto, (max-width: 1024px) 100vw, 1024px\" \/><figcaption class=\"wp-element-caption\"><strong><a href=\".\/wp-content\/uploads\/2023\/02\/inregistrare-SGR.pdf\">Produc\u0103torii \u0219i comercian\u021bii de b\u0103uturi trebuie s\u0103 se \u00eenregistreze \u00een baza de date a Sistemului de Garan\u021bie-Returnare (SGR) p\u00e2n\u0103 pe 28 februarie<\/a><\/strong><\/figcaption><\/figure>\n\n\n\n<p><a href=\"https:\/\/comunaamarastiidejos.ro\/wp-content\/uploads\/2021\/09\/Imbunatatirea-nivelului-de-competente-si-cresterea-ocuparii-tinerilor-NEETs-din-judetul-Dolj-iulie-2021-iunie-2023.pdf\">Imbunatatirea nivelului de competente si cresterea ocuparii tinerilor NEETs din judetul Dolj iulie 2021 &#8211; iunie 2023<\/a><\/p>\n\n\n\n<p><p><a href=\"https:\/\/comunaamarastiidejos.ro\/wp-content\/uploads\/2022\/03\/flayer-deseuri.pdf\">CUM COLECTAM CORECT DESEURILE<\/a><\/p>\n<p><a href=\"https:\/\/www.iridexsalubrizare.ro\/calendar\/AMARASTII-DE-JOS-jud.-DOLJ\">CALENDARUL DE RIDICARE A DESEURILOR PE ANUL 2022<\/a><\/p><\/p>\n","protected":false},"excerpt":{"rendered":"<p>Adresa: Comuna Am\u0103r\u0103\u015ftii de Jos, str. Principal\u0103 nr.\u00a0 1000 Localitatea: Am\u0103r\u0103\u015ftii de Jos Judet: Dolj Tara: Romania Cod postal: 207020 Telefon: 0251-374020 Fax: 0251-374020 URL: www.comunaamarastiidejos.ro Adresa de e-mail: amarastii_de_jos@cjdolj.ro primaria_amarastii@yahoo.com Cerere-VMI 2026 12.02.2026 COMUNICAT &nbsp; &nbsp; Comunicat de presa ,,PNRR Fonduri pentru Rom\u00e2nia modern\u0103 \u0219i reformat\u0103!\u201d INFORMARE PRIVIND SISTEMUL DE GARANTIE-RETURNARE PENTRU AMBALAJELE PRIMARE &hellip; <a href=\"https:\/\/comunaamarastiidejos.ro\/\" class=\"more-link\">Continu\u0103 lectura <span class=\"screen-reader-text\">Pagina principala<\/span> <span class=\"meta-nav\">&rarr;<\/span><\/a><\/p>\n","protected":false},"author":2,"featured_media":0,"parent":0,"menu_order":0,"comment_status":"closed","ping_status":"closed","template":"","meta":{"footnotes":""},"class_list":["post-392","page","type-page","status-publish","hentry"],"_links":{"self":[{"href":"https:\/\/comunaamarastiidejos.ro\/index.php?rest_route=\/wp\/v2\/pages\/392","targetHints":{"allow":["GET"]}}],"collection":[{"href":"https:\/\/comunaamarastiidejos.ro\/index.php?rest_route=\/wp\/v2\/pages"}],"about":[{"href":"https:\/\/comunaamarastiidejos.ro\/index.php?rest_route=\/wp\/v2\/types\/page"}],"author":[{"embeddable":true,"href":"https:\/\/comunaamarastiidejos.ro\/index.php?rest_route=\/wp\/v2\/users\/2"}],"replies":[{"embeddable":true,"href":"https:\/\/comunaamarastiidejos.ro\/index.php?rest_route=%2Fwp%2Fv2%2Fcomments&post=392"}],"version-history":[{"count":23,"href":"https:\/\/comunaamarastiidejos.ro\/index.php?rest_route=\/wp\/v2\/pages\/392\/revisions"}],"predecessor-version":[{"id":2038,"href":"https:\/\/comunaamarastiidejos.ro\/index.php?rest_route=\/wp\/v2\/pages\/392\/revisions\/2038"}],"wp:attachment":[{"href":"https:\/\/comunaamarastiidejos.ro\/index.php?rest_route=%2Fwp%2Fv2%2Fmedia&parent=392"}],"curies":[{"name":"wp","href":"https:\/\/api.w.org\/{rel}","templated":true}]}}