{"id":2,"date":"2011-03-29T14:26:21","date_gmt":"2011-03-29T14:26:21","guid":{"rendered":"http:\/\/www.comunaamarastiidejos.ro\/?page_id=2"},"modified":"2025-02-27T10:46:43","modified_gmt":"2025-02-27T08:46:43","slug":"sample-page","status":"publish","type":"page","link":"https:\/\/comunaamarastiidejos.ro\/?page_id=2","title":{"rendered":"Asezarea localitatii"},"content":{"rendered":"<p>A\u015fezare. \u00cen partea de sud-est a jude\u0163ului Dolj, la 65 km de Craiova, \u00een C\u00e2mpia Romana\u0163i, \u00een partea terminal\u0103 a ,,C\u00e2mpului \u00eenalt&#8221;, dincolo de care \u00eencep terasele Dun\u0103rii. Limita dintre acestea e marcat \u0103 de o vale pu\u0163in ad\u00e2nc\u0103, numit\u0103 valea S\u0103li\u015ftii, av\u00e2nd direc\u0163ia general\u0103 N-V, S-E.<br \/>\nVecini. D\u0103buleni, la sud; Dane\u0163i la vest \u015fi sud-vest; Bucini\u015fu (jud. Olt), la est \u015fi Am\u0103r\u0103\u015fti la nord \u015fi nord-vest.<\/p>\n<div class=\"entry-content\">\n<p><iframe loading=\"lazy\" width=\"640\" height=\"480\" frameborder=\"0\" scrolling=\"no\" marginheight=\"0\" marginwidth=\"0\" src=\"https:\/\/maps.google.com\/maps?f=q&amp;source=embed&amp;hl=en&amp;geocode=&amp;q=Am%C4%83r%C4%83%C5%9Ftii+de+Jos,+Romania&amp;aq=0&amp;sll=37.0625,-95.677068&amp;sspn=53.829089,79.013672&amp;ie=UTF8&amp;hq=&amp;hnear=Am%C4%83r%C4%83%C5%9Ftii+de+Jos,+Dolj,+Romania&amp;ll=43.955259,24.165046&amp;spn=0.474516,0.878906&amp;z=10&amp;output=embed\"><\/iframe><br \/><small><a href=\"http:\/\/maps.google.com\/maps?f=q&amp;source=embed&amp;hl=en&amp;geocode=&amp;q=Am%C4%83r%C4%83%C5%9Ftii+de+Jos,+Romania&amp;aq=0&amp;sll=37.0625,-95.677068&amp;sspn=53.829089,79.013672&amp;ie=UTF8&amp;hq=&amp;hnear=Am%C4%83r%C4%83%C5%9Ftii+de+Jos,+Dolj,+Romania&amp;ll=43.955259,24.165046&amp;spn=0.474516,0.878906&amp;z=10\" style=\"color:#0000FF;text-align:left\"><\/a><\/small><\/p>\n<\/div>\n<p>Coordonatele geografice Am\u0103r\u0103\u015ftii de Jos:<\/p>\n<p>43.955259 latitudine nordica<br \/>\n24.165046\u00a0longitudine estica<\/p>\n","protected":false},"excerpt":{"rendered":"<p>A\u015fezare. \u00cen partea de sud-est a jude\u0163ului Dolj, la 65 km de Craiova, \u00een C\u00e2mpia Romana\u0163i, \u00een partea terminal\u0103 a ,,C\u00e2mpului \u00eenalt&#8221;, dincolo de care \u00eencep terasele Dun\u0103rii. Limita dintre acestea e marcat \u0103 de o vale pu\u0163in ad\u00e2nc\u0103, numit\u0103 valea S\u0103li\u015ftii, av\u00e2nd direc\u0163ia general\u0103 N-V, S-E. Vecini. D\u0103buleni, la sud; Dane\u0163i la vest \u015fi &hellip; <a href=\"https:\/\/comunaamarastiidejos.ro\/?page_id=2\" class=\"more-link\">Continu\u0103 lectura <span class=\"screen-reader-text\">Asezarea localitatii<\/span> <span class=\"meta-nav\">&rarr;<\/span><\/a><\/p>\n","protected":false},"author":2,"featured_media":0,"parent":264,"menu_order":0,"comment_status":"closed","ping_status":"closed","template":"","meta":{"footnotes":""},"class_list":["post-2","page","type-page","status-publish","hentry"],"_links":{"self":[{"href":"https:\/\/comunaamarastiidejos.ro\/index.php?rest_route=\/wp\/v2\/pages\/2","targetHints":{"allow":["GET"]}}],"collection":[{"href":"https:\/\/comunaamarastiidejos.ro\/index.php?rest_route=\/wp\/v2\/pages"}],"about":[{"href":"https:\/\/comunaamarastiidejos.ro\/index.php?rest_route=\/wp\/v2\/types\/page"}],"author":[{"embeddable":true,"href":"https:\/\/comunaamarastiidejos.ro\/index.php?rest_route=\/wp\/v2\/users\/2"}],"replies":[{"embeddable":true,"href":"https:\/\/comunaamarastiidejos.ro\/index.php?rest_route=%2Fwp%2Fv2%2Fcomments&post=2"}],"version-history":[{"count":25,"href":"https:\/\/comunaamarastiidejos.ro\/index.php?rest_route=\/wp\/v2\/pages\/2\/revisions"}],"predecessor-version":[{"id":1848,"href":"https:\/\/comunaamarastiidejos.ro\/index.php?rest_route=\/wp\/v2\/pages\/2\/revisions\/1848"}],"up":[{"embeddable":true,"href":"https:\/\/comunaamarastiidejos.ro\/index.php?rest_route=\/wp\/v2\/pages\/264"}],"wp:attachment":[{"href":"https:\/\/comunaamarastiidejos.ro\/index.php?rest_route=%2Fwp%2Fv2%2Fmedia&parent=2"}],"curies":[{"name":"wp","href":"https:\/\/api.w.org\/{rel}","templated":true}]}}