{"id":193,"date":"2011-04-06T16:58:18","date_gmt":"2011-04-06T14:58:18","guid":{"rendered":"http:\/\/www.comunaamarastiidejos.ro\/?page_id=193"},"modified":"2026-02-19T15:25:32","modified_gmt":"2026-02-19T13:25:32","slug":"informatii-de-interes-public","status":"publish","type":"page","link":"https:\/\/comunaamarastiidejos.ro\/?page_id=193","title":{"rendered":"Informatii de interes public, Anun\u021buri"},"content":{"rendered":"<p><strong>2026<\/strong><\/p>\n<ul>\n<li><a href=\"https:\/\/comunaamarastiidejos.ro\/wp-content\/uploads\/2026\/02\/Convocare-19.02.2026.pdf\">Convocare 19.02.2026<\/a><\/li>\n<li><a href=\"https:\/\/comunaamarastiidejos.ro\/wp-content\/uploads\/2026\/02\/Comunicat-de-presa-4-Proiect-biblioteci.pdf\">Comunicat de presa 4 Proiect-biblioteci<\/a><\/li>\n<\/ul>\n<p><strong>2025<\/strong><\/p>\n<ul>\n<li style=\"list-style-type: none;\">\n<ul>\n<li><a href=\"https:\/\/comunaamarastiidejos.ro\/wp-content\/uploads\/2026\/01\/Comunicat-de-presa-Sprijinirea-investitiilor-in-noi-capacitati-de-producere-a-energiei-electrice-produsa-din-surse-regenerabile-pentru-autoconsum.pdf\">Comunicat de pres\u0103 &#8211; Sprijinirea investitiilor in noi capacitati de producere a energiei electrice produsa din surse regenerabile pentru autoconsum<\/a><\/li>\n<li><a href=\"https:\/\/comunaamarastiidejos.ro\/wp-content\/uploads\/2025\/12\/comunicat-de-presa-3.pdf\">Comunicat de presa 3<\/a><\/li>\n<li><a href=\"https:\/\/comunaamarastiidejos.ro\/wp-content\/uploads\/2025\/12\/PROPUNERE-IMPOZITE-SI-TAXE-LOCALE-PENTRU-AN-2026.pdf\">PROPUNERE IMPOZITE SI TAXE LOCALE PENTRU AN 2026<\/a><\/li>\n<li>Anunt public de selectie oferte 04.08.2025\n<ul>\n<li><a href=\"https:\/\/comunaamarastiidejos.ro\/wp-content\/uploads\/2025\/08\/Anunt-public-de-selectie-oferte-nr.-14139-din-04.08.2025.pdf\">Anunt public de selectie oferte nr. 14139 din 04.08.2025<\/a><\/li>\n<li><a href=\"https:\/\/comunaamarastiidejos.ro\/wp-content\/uploads\/2025\/08\/Caiet-de-sarcini-achizitie.pdf\">Caiet de sarcini achizitie<\/a><\/li>\n<li><a href=\"https:\/\/comunaamarastiidejos.ro\/wp-content\/uploads\/2025\/08\/Formulare_delegare-exploatare-statii.docx\">Formulare_delegare exploatare statii<\/a><\/li>\n<li><a href=\"https:\/\/comunaamarastiidejos.ro\/wp-content\/uploads\/2025\/08\/Draft_contract_de_administrare_si_operare.docx\">Draft_contract_de_administrare_si_operare<\/a><\/li>\n<\/ul>\n<\/li>\n<li><a href=\"https:\/\/comunaamarastiidejos.ro\/wp-content\/uploads\/2025\/07\/Salarizare-31-martie-2025.pdf\">LISTA CU FUNCTIILE PLATITE DIN FONDURI PUBLICE LA 31 martie 2025<\/a><\/li>\n<li><a href=\"https:\/\/comunaamarastiidejos.ro\/wp-content\/uploads\/2025\/03\/Anunt-nr-14036-din-24.03.2025.pdf\">Anunt nr 14036 din 24.03.2025<\/a><\/li>\n<li><a href=\"https:\/\/comunaamarastiidejos.ro\/wp-content\/uploads\/2025\/03\/PROPUNERE-BUG.LOCAL-2025-SECT.DE-FUNCTIONARE.pdf\">PROPUNERE BUG.LOCAL 2025 SECT.DE FUNCTIONARE<\/a><\/li>\n<li><a href=\"https:\/\/comunaamarastiidejos.ro\/wp-content\/uploads\/2025\/03\/PROPUNERE-BUG.LOCAL-2025-SECT.DE-DEZVOLTARE.pdf\">PROPUNERE BUG.LOCAL 2025 SECT.DE DEZVOLTARE<\/a><\/li>\n<\/ul>\n<\/li>\n<\/ul>\n<p><!--\n \t\n\n<li><a href=\"https:\/\/comunaamarastiidejos.ro\/wp-content\/uploads\/2025\/02\/PROPUNERE-BUG.LOCAL-2025-SECT.DE-FUNCTIONARE.pdf\">PROPUNERE BUG.LOCAL 2025 SECT.DE FUNCTIONARE<\/a> <a href=\"https:\/\/comunaamarastiidejos.ro\/wp-content\/uploads\/2025\/02\/PROPUNERE-BUG.LOCAL-2025-SECT.DE-DEZVOLTARE.pdf\">PROPUNERE BUG.LOCAL 2025 SECT.DE DEZVOLTARE<\/a><\/li>\n\n\n--><br \/>\n<!--\n<strong>2024<\/strong>\n\n\n<ul>\n \t\n\n<li><a href=\"https:\/\/comunaamarastiidejos.ro\/wp-content\/uploads\/2024\/08\/Raport-specialitate-referat-de-aprobare-proiect-de-hotarare-aviz-pentru-reducerea-cheltuielilor-de-personal-si-incadrarea-in-numarul-maxim-de-posturi.pdf\">Raport specialitate, referat de aprobare, proiect de hotarare, aviz pentru reducerea cheltuielilor de personal si incadrarea in numarul maxim de posturi<\/a><\/li>\n\n\n \t\n\n<li><a href=\"https:\/\/comunaamarastiidejos.ro\/wp-content\/uploads\/2024\/08\/Anunt-participare-procedura-achizitie-servicii-de-catering-pentru-scoli-prin-programul-national-Masa-Sanatoasa.pdf\">Anunt participare procedura achizitie servicii de catering pentru scoli prin programul national Masa Sanatoasa<\/a><\/li>\n\n\n \t\n\n<li><a href=\"https:\/\/comunaamarastiidejos.ro\/wp-content\/uploads\/2024\/01\/PROPUNERI-BUGET-LOCAL-AN-2024.pdf\">PROPUNERI BUGET LOCAL AN 2024<\/a><\/li>\n\n\n<\/ul>\n\n\n<strong>2023<\/strong>\n\n\n<ul>\n \t\n\n<li><a href=\"https:\/\/comunaamarastiidejos.ro\/wp-content\/uploads\/2023\/03\/Raportul-informarii-si-consultarii-publicului-pt-documentatia-de-urbanism-PUZ-Construire-centrala-electrica-fotovoltaica.pdf\">Raportul informarii si consultarii publicului pt documentatia de urbanism PUZ - Construire centrala electrica fotovoltaica<\/a><\/li>\n\n\n \t\n\n<li><a href=\"https:\/\/comunaamarastiidejos.ro\/wp-content\/uploads\/2023\/03\/Anunt-elaborare-proiect-aprobare-PUZ.pdf\">Anunt elaborare proiect aprobare PUZ<\/a><\/li>\n\n\n \t\n\n<li><a href=\"https:\/\/comunaamarastiidejos.ro\/wp-content\/uploads\/2023\/02\/Anunt-nr.-837-din-28.02.2023.pdf\">Anunt nr. 837 din 28.02.2023<\/a><\/li>\n\n\n \t\n\n<li><a href=\"https:\/\/comunaamarastiidejos.ro\/wp-content\/uploads\/2023\/01\/PROPUNERI-BUGET-LOCAL-PENTRU-ANUL-2023.pdf\">PROPUNERI BUGET LOCAL PENTRU ANUL 2023<\/a><\/li>\n\n\n<\/ul>\n\n\n<strong>2022<\/strong>\n\n\n<ul>\n \t\n\n<li><a href=\"https:\/\/comunaamarastiidejos.ro\/wp-content\/uploads\/2023\/02\/PROPUNERI-IMPOZITE-SI-TAXE.pdf\">PROPUNERI IMPOZITE SI TAXE PENTRU ANUL 2023<\/a><\/li>\n\n\n \t\n\n<li><a href=\"https:\/\/comunaamarastiidejos.ro\/wp-content\/uploads\/2022\/11\/Anunt-public-23.11.2022.pdf\">Anunt public 23.11.2022<\/a><\/li>\n\n\n \t\n\n<li><a href=\"https:\/\/comunaamarastiidejos.ro\/wp-content\/uploads\/2022\/11\/Anunt-nr-4398-din-01.11.2022-dezbatere-publica.pdf\">Anunt nr 4398 din 01.11.2022 - dezbatere publica<\/a><\/li>\n\n\n \t\n\n<li>\n\n\n<ol>\n \t\n\n<li><a href=\"https:\/\/comunaamarastiidejos.ro\/wp-content\/uploads\/2022\/10\/Anunt-sisteme-de-coelctare-epurare-ape-uzate.pdf\">Anunt sisteme de colectare-epurare ape uzate<\/a><\/li>\n\n\n \t\n\n<li><a href=\"https:\/\/comunaamarastiidejos.ro\/wp-content\/uploads\/2022\/10\/Cerere-persoane-fizice.odt\">Cerere-persoane-fizice<\/a><\/li>\n\n\n \t\n\n<li><a href=\"https:\/\/comunaamarastiidejos.ro\/wp-content\/uploads\/2022\/10\/Cerere-persoane-juridice.odt\">Cerere-persoane-juridice<\/a><\/li>\n\n\n<\/ol>\n\n\n<\/li>\n\n\n \t\n\n<li><a href=\"https:\/\/comunaamarastiidejos.ro\/wp-content\/uploads\/2022\/10\/Anunt-nr.-4090-din-18.10.2022-PUZ-Etapa-elaborarii-propunerilor-ce-vor-fi-supuse-avizarii.pdf\">Anunt nr. 4090 din 18.10.2022 - PUZ Etapa elaborarii propunerilor ce vor fi supuse avizarii<\/a><\/li>\n\n\n \t\n\n<li><a href=\"https:\/\/comunaamarastiidejos.ro\/wp-content\/uploads\/2022\/10\/Anunt-nr.-3650-din-03.10.2022-INTENTIE-DE-ELEBORARE-PUZ.pdf\">Anunt nr. 3650 din 03.10.2022 - INTENTIE DE ELEBORARE PUZ<\/a><\/li>\n\n\n \t\n\n<li><a href=\"https:\/\/comunaamarastiidejos.ro\/wp-content\/uploads\/2022\/07\/Hotarare-privind-masurile-de-efectuare-a-curateniei.pdf\">PRIMARIA COMUNEI AMARASTII DE JOS SI CONSILIUL LOCAL AMARASTII DE JOS ADUC LA CUNOSTINTA CETATENILOR PERSOANE FIZICE SI PERSOANELOR JURIDICE OBLIGATIILE CE LE REVIN PRIVIND PUNEREA IN APLICARE A MASURILOR DE EFECTUARE A CURATENIEI , PRECUM SI SANCTIUNILE CE VOR FI APLICATE PENTRU NERESPECTAREA ACESTOR MASURI <\/a><\/li>\n\n\n \t\n\n<li><a href=\"https:\/\/comunaamarastiidejos.ro\/wp-content\/uploads\/2022\/02\/Anunt-recesamant.pdf\">Anunt privind inscrierea in lista candidatilor pentru personalul de recensamant in vederea prestarii serviciilor aferente RPL2021 in teritoriu<\/a><\/li>\n\n\n \t\n\n<li><a href=\"https:\/\/comunaamarastiidejos.ro\/wp-content\/uploads\/2022\/06\/Anunt-de-participare-la-licitatia-publica-pt-concesiune-bunuri-03.06.2022.pdf\">Anunt de participare la licitatia publica pt concesiune bunuri 03.06.2022<\/a><\/li>\n\n\n \t\n\n<li><a href=\".\/pdf\/2022\/buget\/REFERAT BUG.LOCAL 2022 SECT.DE FUNCTIONARE.pdf\">REFERAT BUG.LOCAL 2022 SECT.DE FUNCTIONARE.pdf<\/a><\/li>\n\n\n \t\n\n<li><a href=\".\/pdf\/2022\/buget\/REFERAT BUG.LOCAL 2022 SECT.DE  DEZVOLTARE.pdf\">REFERAT BUG.LOCAL 2022 SECT.DE DEZVOLTARE.pdf<\/a><\/li>\n\n\n<\/ul>\n\n\n2021\n\n\n<ul>\n \t\n\n<li><a href=\"https:\/\/comunaamarastiidejos.ro\/wp-content\/uploads\/2021\/09\/Imbunatatirea-nivelului-de-competente-si-cresterea-ocuparii-tinerilor-NEETs-din-judetul-Dolj-iulie-2021-iunie-2023.pdf\">Imbunatatirea nivelului de competente si cresterea ocuparii tinerilor NEETs din judetul Dolj iulie 2021 - iunie 2023<\/a><\/li>\n\n\n \t\n\n<li><a href=\".\/pdf\/2021\/Regulament de organizare si functionare al aparatului de specialitate al primarului.pdf\">Regulament de organizare si functionare al aparatului de specialitate al primarului.pdf<\/a><\/li>\n\n\n \t\n\n<li><a href=\"https:\/\/comunaamarastiidejos.ro\/wp-content\/uploads\/2021\/02\/Anunt-nr.-397-din-08.02.2021.pdf\">Anunt nr. 397 din 08.02.2021<\/a><\/li>\n\n\n<\/ul>\n\n\n2020\n\n\n<ul>\n \t\n\n<li style=\"list-style-type: none;\">\n\n\n<ul>\n \t\n\n<li style=\"list-style-type: none;\">\n\n\n<ul>\n\n--><\/p>\n<p><!--\n \t\n\n<li><a href=\"https:\/\/comunaamarastiidejos.ro\/wp-content\/uploads\/2020\/10\/Liceul-Teoretic-Amarastii-de-Jos-Invitatie-achizitie-materiale.pdf\">Liceul Teoretic Amarastii de Jos - Invitatie achizitie materiale<\/a><\/li>\n\n\n \t\n\n<li><a href=\"https:\/\/comunaamarastiidejos.ro\/wp-content\/uploads\/2020\/10\/Liceul-Teoretic-Amarastii-de-Sus-Invitatie-achizitionare-materiale-consumabile.pdf\">Liceul Teoretic Amarastii de Sus - Invitatie achizitionare materiale consumabile<\/a><\/li>\n\n\n--><\/p>\n<p><!--<\/li>\n\n\n<\/ul>\n\n\n\n\n<ul>\n \t\n\n<li><a href=\"https:\/\/comunaamarastiidejos.ro\/wp-content\/uploads\/2020\/12\/Anunt-nr.-3772-din-22.12.2020-INFIINTARE-RETEA-DE-DISTRIBUTIE-GAZE-NATURALE.pdf\">Anunt nr. 3772 din 22.12.2020 - INFIINTARE RETEA DE DISTRIBUTIE GAZE NATURALE<\/a><\/li>\n\n\n \t\n\n<li><a href=\"https:\/\/comunaamarastiidejos.ro\/wp-content\/uploads\/2020\/11\/ANUNT-DIN-29.10.2020-ANUNT-ATRIBUIRE-ACHIZITIE-MATERIALE-CONSUMABILE.pdf\">ANUNT DIN 29.10.2020 - ANUNT ATRIBUIRE ACHIZITIE MATERIALE CONSUMABILE<\/a><\/li>\n\n\n \t\n\n<li><a href=\"https:\/\/comunaamarastiidejos.ro\/wp-content\/uploads\/2020\/11\/ANUNT-ATRIBUIRE-ACHIZITIE-TABLA-INTERACTIVA..pdf\">ANUNT DIN 29.10.2020 - ANUNT ATRIBUIRE ACHIZITIE TABLA INTERACTIVA<\/a><\/li>\n\n\n \t\n\n<li><a href=\"https:\/\/comunaamarastiidejos.ro\/wp-content\/uploads\/2020\/11\/ANUNT-DIN-29.10.2020-ANUNT-ATRIBUIRE-ACHIZITIE-TRUSE-MODELAJ-SI-DESEN.pdf\">ANUNT DIN 29.10.2020 - ANUNT ATRIBUIRE ACHIZITIE TRUSE MODELAJ SI DESEN<\/a><\/li>\n\n\n \t\n\n<li><a href=\"https:\/\/comunaamarastiidejos.ro\/wp-content\/uploads\/2020\/11\/INVITATIE-PARTICIPARE-ACHIZITIE-TABLE-INTERACTIVE.pdf\">INVITATIE DIN 13.10.2020 - INVITATIE PARTICIPARE ACHIZITIE TABLE INTERACTIVE<\/a><\/li>\n\n\n \t\n\n<li><a href=\"https:\/\/comunaamarastiidejos.ro\/wp-content\/uploads\/2020\/11\/INVITATIE-DIN-13.10.2020-INVITATIE-PARTICIPARE-ACHIZITIE-CONSUMABILE.pdf\">INVITATIE DIN 13.10.2020 - INVITATIE PARTICIPARE ACHIZITIE CONSUMABILE<\/a><\/li>\n\n\n \t\n\n<li><a href=\"https:\/\/comunaamarastiidejos.ro\/wp-content\/uploads\/2020\/11\/INVITATIE-DIN-13.10.2020-INVITATIE-PARTICIPARE-ACHIZITIE-TRUSE-DE-DESEN-SI-MODELAJ.pdf\">INVITATIE DIN 13.10.2020 - INVITATIE PARTICIPARE ACHIZITIE TRUSE DE DESEN SI MODELAJ<\/a><\/li>\n\n\n \t\n\n<li><a href=\"https:\/\/comunaamarastiidejos.ro\/wp-content\/uploads\/2020\/08\/Anunt-nr.-84-din-26.08.2020-Anunt-atrivuire-Liceul-Teoretic-Amarastii-de-Jos.pdf\">Anunt nr. 84 din 26.08.2020 - Anunt atribuire Liceul Teoretic Amarastii de Jos<\/a><\/li>\n\n\n \t\n\n<li><a href=\"https:\/\/comunaamarastiidejos.ro\/wp-content\/uploads\/2020\/08\/Anunt-nr.-79-din-19.08.2020-cerere-de-oferta.pdf\">Anunt nr. 79 din 19.08.2020 - cerere de oferta<\/a><\/li>\n\n\n \t\n\n<li><a href=\"https:\/\/comunaamarastiidejos.ro\/wp-content\/uploads\/2020\/08\/Anunt-nr.-78-din-19.08.2020-invitatie.pdf\">Anunt nr. 78 din 19.08.2020 - invitatie<\/a><\/li>\n\n\n \t\n\n<li><a href=\"https:\/\/comunaamarastiidejos.ro\/wp-content\/uploads\/2020\/01\/Proiect-cofinantare-2014-2020-concurs28.01.2020.pdf\">Concurs pentru ocuparea postului de COORDONATOR ACTIVITATI DE IMBUNATATIRE CONDITII DE LOCUIT<\/a><\/li>\n\n\n<\/ul>\n\n\n<\/li>\n\n\n \t\n\n<li style=\"list-style-type: none;\"><\/li>\n\n\n<\/ul>\n\n\n2019\n\n\n<ul>\n \t\n\n<li><a href=\"https:\/\/comunaamarastiidejos.ro\/wp-content\/uploads\/2021\/01\/Anunt-achizitie-container-modular.pdf\">Anunt achizitie container modular<\/a><\/li>\n\n\n \t\n\n<li><a href=\"https:\/\/comunaamarastiidejos.ro\/wp-content\/uploads\/2021\/01\/Anunt-achizitie-lucrari-reabilitare-acoperis-POCU-115018.pdf\">Anunt achizitie lucrari reabilitare acoperis POCU 115018<\/a><\/li>\n\n\n \t\n\n<li><a href=\"https:\/\/comunaamarastiidejos.ro\/wp-content\/uploads\/2021\/01\/Anunt-achizitie-mobilier-POCU-115018.pdf\">Anunt achizitie mobilier POCU 115018<\/a><\/li>\n\n\n \t\n\n<li><a href=\"https:\/\/comunaamarastiidejos.ro\/wp-content\/uploads\/2019\/10\/Proiect-cofinantare-2014-2020.pdf\">Concurs pentru ocuparea postului de COORDONATOR ACTIVITATI DE IMBUNATATIRE CONDITII DE LOCUIT<\/a><\/li>\n\n\n \t\n\n<li><a href=\"https:\/\/comunaamarastiidejos.ro\/pdf\/anunturi\/Anunt selectie plan.pdf\">Anunt selectie membri comisie de evaluare planuri de afaceri organizate in cadrul proiectului \"MASURI INTEGRATE IN ZONA MARGINALIZATA AMARASTII DE JOS\" Cod proiect 115018<\/a><\/li>\n\n\n \t\n\n<li><a href=\"https:\/\/comunaamarastiidejos.ro\/pdf\/anunturi\/Metodologie plan.pdf\">Metodologie de desfasurare a concursului de idei de afaceri organizate in cadrul proiectului \"MASURI INTEGRATE IN ZONA MARGINALIZATA AMARASTII DE JOS\" Cod proiect 115018<\/a><\/li>\n\n\n \t\n\n<li><a href=\"https:\/\/comunaamarastiidejos.ro\/wp-content\/uploads\/2019\/08\/Anunt-nr.3109-din-22.08.2019.pdf\">Anunt nr.3109 din 22.08.2019 public privind decizia etapei de incadrare pentru asfaltarea drumurilor in Comuna Amarastii de Jos<\/a><\/li>\n\n\n \t\n\n<li><a href=\"https:\/\/comunaamarastiidejos.ro\/wp-content\/uploads\/2019\/08\/anunt_concurs_camin.pdf\">Anunt concurs pentru ocuparea func\u0163iei contractuale de execu\u0163ie vacante de Referent ( Director C\u0103min Cultural ) , gradul debutant<\/a><\/li>\n\n\n \t\n\n<li><a href=\"https:\/\/comunaamarastiidejos.ro\/wp-content\/uploads\/2019\/04\/Anunt-concurs04.2019.pdf\">Anunt concurs 04.2019 - EXPERT ASISTENTA JURIDICA PENTRU REGLEMENTAREA ACTELOR<\/a><\/li>\n\n\n \t\n\n<li><a href=\"https:\/\/comunaamarastiidejos.ro\/wp-content\/uploads\/anuntconcurs02.2019.pdf\">Anunt concurs 02.2019 - EXPERT ASISTENTA JURIDICA PENTRU REGLEMENTAREA ACTELOR<\/a><\/li>\n\n\n<\/ul>\n\n\n2018\n\n<a href=\"https:\/\/comunaamarastiidejos.ro\/wp-content\/uploads\/invitatie-achizitii-articole-papetarie.pdf\">Invitatie achizitii articole papetarie nr 43\/ 28.08.2018 Liceul Teoretic Amarastii de Jos<\/a>\n<a href=\"https:\/\/comunaamarastiidejos.ro\/wp-content\/uploads\/Anuntwww.pdf\">Anunt nr 1\/ 22.06.2018<\/a>\n<a href=\"https:\/\/comunaamarastiidejos.ro\/wp-content\/uploads\/Invitatie-1-Liceu.pdf\">Invitatie 1 Liceul Teoretic Amarastii de Jos<\/a>\n<a href=\"https:\/\/comunaamarastiidejos.ro\/wp-content\/uploads\/Invitatie-2-Liceu.pdf\">Invitatie 2 Liceul Teoretic Amarastii de Jos<\/a>\n<a href=\"https:\/\/comunaamarastiidejos.ro\/wp-content\/uploads\/anunt_concurs_liceu.pdf\">Anunt concurs Liceul Teoretic Amarastii de Jos<\/a>\n<a href=\"https:\/\/comunaamarastiidejos.ro\/wp-content\/uploads\/concurs24072018.pdf\">Anunt concurs in cadrul proiectului MASURI INTEGRATE, IN ZONA DEFAVORIZATA AMARASTII DE JOS<\/a>\n\n2017\n<a href=\"https:\/\/comunaamarastiidejos.ro\/wp-content\/uploads\/anunt20170317.pdf\">Anunt public privind decizia etapei de evaluare - INFIINTAREA RETELEI PUBLICE DE APA UZATA IN COMUNA AMARASTII DE JOS<\/a> (17.03.2017)\n--><\/p>\n","protected":false},"excerpt":{"rendered":"<p>2026 Convocare 19.02.2026 Comunicat de presa 4 Proiect-biblioteci 2025 Comunicat de pres\u0103 &#8211; Sprijinirea investitiilor in noi capacitati de producere a energiei electrice produsa din surse regenerabile pentru autoconsum Comunicat de presa 3 PROPUNERE IMPOZITE SI TAXE LOCALE PENTRU AN 2026 Anunt public de selectie oferte 04.08.2025 Anunt public de selectie oferte nr. 14139 din &hellip; <a href=\"https:\/\/comunaamarastiidejos.ro\/?page_id=193\" class=\"more-link\">Continu\u0103 lectura <span class=\"screen-reader-text\">Informatii de interes public, Anun\u021buri<\/span> <span class=\"meta-nav\">&rarr;<\/span><\/a><\/p>\n","protected":false},"author":2,"featured_media":0,"parent":181,"menu_order":0,"comment_status":"closed","ping_status":"closed","template":"","meta":{"footnotes":""},"class_list":["post-193","page","type-page","status-publish","hentry"],"_links":{"self":[{"href":"https:\/\/comunaamarastiidejos.ro\/index.php?rest_route=\/wp\/v2\/pages\/193","targetHints":{"allow":["GET"]}}],"collection":[{"href":"https:\/\/comunaamarastiidejos.ro\/index.php?rest_route=\/wp\/v2\/pages"}],"about":[{"href":"https:\/\/comunaamarastiidejos.ro\/index.php?rest_route=\/wp\/v2\/types\/page"}],"author":[{"embeddable":true,"href":"https:\/\/comunaamarastiidejos.ro\/index.php?rest_route=\/wp\/v2\/users\/2"}],"replies":[{"embeddable":true,"href":"https:\/\/comunaamarastiidejos.ro\/index.php?rest_route=%2Fwp%2Fv2%2Fcomments&post=193"}],"version-history":[{"count":84,"href":"https:\/\/comunaamarastiidejos.ro\/index.php?rest_route=\/wp\/v2\/pages\/193\/revisions"}],"predecessor-version":[{"id":2025,"href":"https:\/\/comunaamarastiidejos.ro\/index.php?rest_route=\/wp\/v2\/pages\/193\/revisions\/2025"}],"up":[{"embeddable":true,"href":"https:\/\/comunaamarastiidejos.ro\/index.php?rest_route=\/wp\/v2\/pages\/181"}],"wp:attachment":[{"href":"https:\/\/comunaamarastiidejos.ro\/index.php?rest_route=%2Fwp%2Fv2%2Fmedia&parent=193"}],"curies":[{"name":"wp","href":"https:\/\/api.w.org\/{rel}","templated":true}]}}